{"id":1031,"date":"2018-11-06T14:19:33","date_gmt":"2018-11-06T13:19:33","guid":{"rendered":"https:\/\/www.eyfon.at\/?page_id=1031"},"modified":"2018-11-30T09:48:43","modified_gmt":"2018-11-30T08:48:43","slug":"europe-block","status":"publish","type":"page","link":"https:\/\/eyfon.at\/en\/go-for-eyfon\/sample-programme\/europe-block\/","title":{"rendered":"Europe Block"},"content":{"rendered":"<div  class=\"go_for_eyfon_menu\"><div style=\"float:left; padding: 3px 0px; padding-right:16px;\"><div style=\"width:140px; background-color:#132f72; color:#fff; font-weight:bold; padding:2px 5px; float:left; text-align:center;\"><a href=\"https:\/\/eyfon.at\/en\/go-for-eyfon\/\" class=\"a-goforeyfon\">Go for Eyfon<\/a><\/div>\r\n<div style=\"float:left;\"><img decoding=\"async\" src=\"https:\/\/www.eyfon.at\/wp-content\/uploads\/2018\/10\/pfeil3.png\" \/><\/div>\r\n<\/div>\r\n<div style=\"float:left; padding: 3px 0px;\">\r\n<div style=\"float:left; margin-left:0px;\" class=\"pfeil2\"><img decoding=\"async\" src=\"https:\/\/www.eyfon.at\/wp-content\/uploads\/2018\/10\/pfeil2.png\" \/><\/div>\r\n<div style=\"width:150px; background-color:#0072a1; color:#fff; font-weight:bold; padding:2px 5px; float:left; text-align:center;\"><a href=\"https:\/\/eyfon.at\/en\/go-for-eyfon\/concept-purpose\/\" class=\"a-goforeyfon\">Concept & Purpose<\/a><\/div>\r\n<div style=\"float:left;\"><img decoding=\"async\" src=\"https:\/\/www.eyfon.at\/wp-content\/uploads\/2018\/10\/pfeil.png\" \/><\/div>\r\n<\/div>\r\n<div style=\"float:left; padding: 3px 0px;\">\r\n<div style=\"float:left; margin-left:0px;\"><img decoding=\"async\" src=\"https:\/\/www.eyfon.at\/wp-content\/uploads\/2018\/10\/pfeil2.png\" \/><\/div>\r\n<div style=\"width:150px; background-color:#0072a1; color:#fff; font-weight:bold; padding:2px 5px; float:left; text-align:center;\"><a href=\"https:\/\/eyfon.at\/en\/go-for-eyfon\/sample-programme\/\" class=\"a-goforeyfon\">Sample Programme<\/a><\/div>\r\n<div style=\"float:left;\"><img decoding=\"async\" src=\"https:\/\/www.eyfon.at\/wp-content\/uploads\/2018\/10\/pfeil.png\" \/><\/div>\r\n<\/div>\r\n<div style=\"float:left; padding: 3px 0px;\">\r\n<div style=\"float:left; margin-left:0px;\"><img decoding=\"async\" src=\"https:\/\/www.eyfon.at\/wp-content\/uploads\/2018\/10\/pfeil2.png\" \/><\/div>\r\n<div style=\"width:140px; background-color:#0072a1; color:#fff; font-weight:bold; padding:2px 5px; float:left; text-align:center;\"><a href=\"https:\/\/eyfon.at\/en\/go-for-eyfon\/europaburg-castle\/europaburg-castle\/\" class=\"a-goforeyfon\">Europaburg Castle<\/a><\/div>\r\n<div style=\"float:left;\"><img decoding=\"async\" src=\"https:\/\/www.eyfon.at\/wp-content\/uploads\/2018\/10\/pfeil.png\" \/><\/div>\r\n<\/div>\r\n<div style=\"float:left; padding: 3px 0px;\">\r\n<div style=\"float:left; margin-left:0px;\"><img decoding=\"async\" src=\"https:\/\/www.eyfon.at\/wp-content\/uploads\/2018\/10\/pfeil2.png\" \/><\/div>\r\n<div style=\"width:140px; background-color:#0072a1; color:#fff; font-weight:bold; padding:2px 5px; float:left; text-align:center;\"><a href=\"https:\/\/eyfon.at\/en\/go-for-eyfon\/practical-tips\/\" class=\"a-goforeyfon\">Practical Tips<\/a><\/div>\r\n<div style=\"float:left;\"><img decoding=\"async\" src=\"https:\/\/www.eyfon.at\/wp-content\/uploads\/2018\/10\/pfeil.png\" \/><\/div>\r\n<\/div>\r\n<div style=\"float:left; padding: 3px 0px;\">\r\n<div style=\"float:left; margin-left:0px;\"><img decoding=\"async\" src=\"https:\/\/www.eyfon.at\/wp-content\/uploads\/2018\/10\/pfeil5.png\" \/><\/div>\r\n<div style=\"width:160px; background-color:#f49912; color:#fff; font-weight:bold; padding:2px 5px; float:left; text-align:center;\"><a href=\"https:\/\/eyfon.at\/en\/go-for-eyfon\/registration-booking\/\" class=\"a-goforeyfon\">Registration \/ Booking<\/a><\/div>\r\n<div style=\"float:left;\"><img decoding=\"async\" src=\"https:\/\/www.eyfon.at\/wp-content\/uploads\/2018\/10\/pfeil4.png\" \/><\/div>\r\n<\/div>\r\n<div style=\"width: 100%; height:1px; float:left;\"><\/div><\/div>\n<div style=\"width: 100%; float: left; margin-top:30px;\">\n<ul>\n<li><strong>WK\u00d6:<\/strong> EU &#8211; Wirtschaft, Institutionen und Entscheidungsprozesse, Lobbying<\/li>\n<li><strong>Europ\u00e4ische Kommission und Europ\u00e4isches Parlament: <\/strong>Aktuelles, Themen mit \u00d6sterreich Bezug<\/li>\n<li><strong>Land Steiermark, Europaabteilung: <\/strong>Steiermark und Europa<\/li>\n<li><strong>Europe Direct: <\/strong>Europa der B\u00fcrger<\/li>\n<li><strong>JEF: <\/strong>Europ\u00e4ische Jugendziele und eigenes Programm<\/li>\n<li><strong>OeGfE: <\/strong>verschiedene Fachthemen, z.B. Umwelt- und Migrationspolitik<\/li>\n<li><strong>Panthersie f\u00fcr Europa\/Verein Sozialprofil: <\/strong>eigenes Programm, Demokratiebegriff und EU, Europa interkulturell<\/li>\n<li><strong>WK Steiermark: <\/strong>Ausbildung, Euro Skills, Internationalisierung<\/li>\n<li><strong>Betriebsbesuch: <\/strong>bei Unternehmen in der Region, KLM, Pabst, NN<\/li>\n<li><strong>FH JOANNEUM:<\/strong> Doing Business in Europe, Interkulturelle Kommunikation<\/li>\n<li><strong>Kreatives Europa: <\/strong>Workshops mit Gerhild Resch\/Edith Wildenberg (\u201eZeitrechnung mal anders\u201c, \u201eEurop\u00e4ische Errungenschaften\u201c, ua.)<\/li>\n<li><strong>beteiligung.st: <\/strong>Demokratieplanspiele<\/li>\n<li><strong>Sponsoren:<\/strong> eigenes Programm<\/li>\n<\/ul>\n<div class=\"col-md-3\"><a href=\"https:\/\/ec.europa.eu\/austria\" target=\"_blank\" rel=\"noopener\"><img loading=\"lazy\" decoding=\"async\" class=\"alignnone size-full wp-image-542\" src=\"https:\/\/www.eyfon.at\/wp-content\/uploads\/2018\/03\/logo_europkomm.jpg\" alt=\"\" width=\"500\" height=\"400\" srcset=\"https:\/\/eyfon.at\/en\/wp-content\/uploads\/sites\/2\/2018\/03\/logo_europkomm.jpg 500w, https:\/\/eyfon.at\/en\/wp-content\/uploads\/sites\/2\/2018\/03\/logo_europkomm-300x240.jpg 300w\" sizes=\"auto, (max-width: 500px) 100vw, 500px\" \/><\/a><\/div>\n<div class=\"col-md-3\"><a href=\"http:\/\/efb-steiermark.at\" target=\"_blank\" rel=\"noopener\"><img loading=\"lazy\" decoding=\"async\" class=\"alignnone size-full wp-image-538\" src=\"https:\/\/www.eyfon.at\/wp-content\/uploads\/2018\/03\/logo_efb.jpg\" alt=\"\" width=\"500\" height=\"400\" srcset=\"https:\/\/eyfon.at\/en\/wp-content\/uploads\/sites\/2\/2018\/03\/logo_efb.jpg 500w, https:\/\/eyfon.at\/en\/wp-content\/uploads\/sites\/2\/2018\/03\/logo_efb-300x240.jpg 300w\" sizes=\"auto, (max-width: 500px) 100vw, 500px\" \/><\/a><\/div>\n<div class=\"col-md-3\"><a href=\"https:\/\/www.fh-joanneum.at\/\" target=\"_blank\" rel=\"noopener\"><img loading=\"lazy\" decoding=\"async\" class=\"alignnone size-full wp-image-538\" src=\"https:\/\/eyfon.at\/wp-content\/uploads\/2018\/11\/FHJ_MANAGEMENT.jpg\" alt=\"\" width=\"500\" height=\"400\" \/><\/a><\/div>\n<div class=\"col-md-3\"><a href=\"http:\/\/jef-steiermark.at\" target=\"_blank\" rel=\"noopener\"><img loading=\"lazy\" decoding=\"async\" class=\"alignnone size-full wp-image-540\" src=\"https:\/\/www.eyfon.at\/wp-content\/uploads\/2018\/03\/logo_jef.jpg\" alt=\"\" width=\"500\" height=\"400\" srcset=\"https:\/\/eyfon.at\/en\/wp-content\/uploads\/sites\/2\/2018\/03\/logo_jef.jpg 500w, https:\/\/eyfon.at\/en\/wp-content\/uploads\/sites\/2\/2018\/03\/logo_jef-300x240.jpg 300w\" sizes=\"auto, (max-width: 500px) 100vw, 500px\" \/><\/a><\/div>\n<div class=\"col-md-3\"><a href=\"https:\/\/www.lsr-stmk.gv.at\" target=\"_blank\" rel=\"noopener\"><img loading=\"lazy\" decoding=\"async\" class=\"alignnone size-full wp-image-569\" src=\"https:\/\/www.eyfon.at\/wp-content\/uploads\/2018\/04\/logo_lsr.jpg\" alt=\"\" width=\"500\" height=\"400\" srcset=\"https:\/\/eyfon.at\/en\/wp-content\/uploads\/sites\/2\/2018\/04\/logo_lsr.jpg 500w, https:\/\/eyfon.at\/en\/wp-content\/uploads\/sites\/2\/2018\/04\/logo_lsr-300x240.jpg 300w\" sizes=\"auto, (max-width: 500px) 100vw, 500px\" \/><\/a><\/div>\n<div class=\"col-md-3\"><a href=\"http:\/\/row-gmbh.at\" target=\"_blank\" rel=\"noopener\"><img loading=\"lazy\" decoding=\"async\" class=\"alignnone size-full wp-image-558\" src=\"https:\/\/www.eyfon.at\/wp-content\/uploads\/2018\/03\/logo_row.jpg\" alt=\"\" width=\"500\" height=\"400\" srcset=\"https:\/\/eyfon.at\/en\/wp-content\/uploads\/sites\/2\/2018\/03\/logo_row.jpg 500w, https:\/\/eyfon.at\/en\/wp-content\/uploads\/sites\/2\/2018\/03\/logo_row-300x240.jpg 300w\" sizes=\"auto, (max-width: 500px) 100vw, 500px\" \/><\/a><\/div>\n<div class=\"col-md-3\"><a href=\"http:\/\/www.verwaltung.steiermark.at\" target=\"_blank\" rel=\"noopener\"><img loading=\"lazy\" decoding=\"async\" class=\"alignnone size-full wp-image-544\" src=\"https:\/\/www.eyfon.at\/wp-content\/uploads\/2018\/09\/Steiermark.jpg\" alt=\"\" width=\"500\" height=\"400\" \/><\/a><\/div>\n<div class=\"col-md-3\"><a href=\"http:\/\/www.neumarkt-steiermark.gv.at\" target=\"_blank\" rel=\"noopener\"><img loading=\"lazy\" decoding=\"async\" class=\"alignnone size-full wp-image-534\" src=\"https:\/\/www.eyfon.at\/wp-content\/uploads\/2018\/03\/logo_neumarkt.jpg\" alt=\"\" width=\"500\" height=\"400\" srcset=\"https:\/\/eyfon.at\/en\/wp-content\/uploads\/sites\/2\/2018\/03\/logo_neumarkt.jpg 500w, https:\/\/eyfon.at\/en\/wp-content\/uploads\/sites\/2\/2018\/03\/logo_neumarkt-300x240.jpg 300w\" sizes=\"auto, (max-width: 500px) 100vw, 500px\" \/><\/a><\/div>\n<div class=\"col-md-3\"><a href=\"https:\/\/www.magna.com\" target=\"_blank\" rel=\"noopener\"><img loading=\"lazy\" decoding=\"async\" class=\"alignnone size-full wp-image-532\" src=\"https:\/\/www.eyfon.at\/wp-content\/uploads\/2018\/03\/logo_magna.jpg\" alt=\"\" width=\"500\" height=\"400\" srcset=\"https:\/\/eyfon.at\/en\/wp-content\/uploads\/sites\/2\/2018\/03\/logo_magna.jpg 500w, https:\/\/eyfon.at\/en\/wp-content\/uploads\/sites\/2\/2018\/03\/logo_magna-300x240.jpg 300w\" sizes=\"auto, (max-width: 500px) 100vw, 500px\" \/><\/a><\/div>\n<div class=\"col-md-3\"><a href=\"https:\/\/www.oenb.at\" target=\"_blank&quot;\"><img loading=\"lazy\" decoding=\"async\" class=\"alignnone size-full wp-image-528\" src=\"https:\/\/www.eyfon.at\/wp-content\/uploads\/2018\/03\/logo_oenb.jpg\" alt=\"\" width=\"500\" height=\"400\" srcset=\"https:\/\/eyfon.at\/en\/wp-content\/uploads\/sites\/2\/2018\/03\/logo_oenb.jpg 500w, https:\/\/eyfon.at\/en\/wp-content\/uploads\/sites\/2\/2018\/03\/logo_oenb-300x240.jpg 300w\" sizes=\"auto, (max-width: 500px) 100vw, 500px\" \/><\/a><\/div>\n<div class=\"col-md-3\"><a href=\"http:\/\/oegfe.at\" target=\"_blank&quot;\"><img loading=\"lazy\" decoding=\"async\" class=\"alignnone size-full wp-image-530\" src=\"https:\/\/www.eyfon.at\/wp-content\/uploads\/2018\/03\/logo_oegfep.jpg\" alt=\"\" width=\"500\" height=\"400\" srcset=\"https:\/\/eyfon.at\/en\/wp-content\/uploads\/sites\/2\/2018\/03\/logo_oegfep.jpg 500w, https:\/\/eyfon.at\/en\/wp-content\/uploads\/sites\/2\/2018\/03\/logo_oegfep-300x240.jpg 300w\" sizes=\"auto, (max-width: 500px) 100vw, 500px\" \/><\/a><\/div>\n<div class=\"col-md-3\"><a href=\"http:\/\/www.wko.at\" target=\"_blank\" rel=\"noopener\"><img loading=\"lazy\" decoding=\"async\" class=\"alignnone size-full wp-image-536\" src=\"https:\/\/www.eyfon.at\/wp-content\/uploads\/2018\/09\/WKO.jpg\" alt=\"\" width=\"500\" height=\"400\" \/><\/a><\/div>\n<div class=\"col-md-3\"><a href=\"https:\/\/www.wko.at\/service\/stmk\/Wirtschaftskammer.html\" target=\"_blank\" rel=\"noopener\"><img loading=\"lazy\" decoding=\"async\" class=\"alignnone size-full wp-image-536\" src=\"https:\/\/eyfon.at\/wp-content\/uploads\/2018\/11\/WKO-STMK.jpg\" alt=\"\" width=\"500\" height=\"400\" \/><\/a><\/div>\n<div class=\"col-md-3\"><a href=\"https:\/\/www.wst-versicherungsverein.at\/\" target=\"_blank\" rel=\"noopener\"><img loading=\"lazy\" decoding=\"async\" class=\"alignnone size-full wp-image-574\" src=\"https:\/\/www.eyfon.at\/wp-content\/uploads\/2018\/09\/WienerStaedtische.jpg\" alt=\"\" width=\"500\" height=\"400\" \/><\/a><\/div>\n<div class=\"row\"><\/div>\n<\/div>\n","protected":false},"excerpt":{"rendered":"<p>WK\u00d6: EU &#8211; Wirtschaft, Institutionen und Entscheidungsprozesse, Lobbying Europ\u00e4ische Kommission und Europ\u00e4isches Parlament: Aktuelles, Themen mit \u00d6sterreich Bezug Land Steiermark, Europaabteilung: Steiermark und Europa Europe Direct: Europa der B\u00fcrger JEF: Europ\u00e4ische Jugendziele und eigenes Programm OeGfE: verschiedene Fachthemen, z.B. Umwelt-&#8230;<\/p>\n","protected":false},"author":2,"featured_media":0,"parent":836,"menu_order":1,"comment_status":"closed","ping_status":"closed","template":"","meta":{"_EventAllDay":false,"_EventTimezone":"","_EventStartDate":"","_EventEndDate":"","_EventStartDateUTC":"","_EventEndDateUTC":"","_EventShowMap":false,"_EventShowMapLink":false,"_EventURL":"","_EventCost":"","_EventCostDescription":"","_EventCurrencySymbol":"","_EventCurrencyCode":"","_EventCurrencyPosition":"","_EventDateTimeSeparator":"","_EventTimeRangeSeparator":"","_EventOrganizerID":[],"_EventVenueID":[],"_OrganizerEmail":"","_OrganizerPhone":"","_OrganizerWebsite":"","_VenueAddress":"","_VenueCity":"","_VenueCountry":"","_VenueProvince":"","_VenueState":"","_VenueZip":"","_VenuePhone":"","_VenueURL":"","_VenueStateProvince":"","_VenueLat":"","_VenueLng":"","_VenueShowMap":false,"_VenueShowMapLink":false,"footnotes":""},"class_list":["post-1031","page","type-page","status-publish","hentry"],"_links":{"self":[{"href":"https:\/\/eyfon.at\/en\/wp-json\/wp\/v2\/pages\/1031","targetHints":{"allow":["GET"]}}],"collection":[{"href":"https:\/\/eyfon.at\/en\/wp-json\/wp\/v2\/pages"}],"about":[{"href":"https:\/\/eyfon.at\/en\/wp-json\/wp\/v2\/types\/page"}],"author":[{"embeddable":true,"href":"https:\/\/eyfon.at\/en\/wp-json\/wp\/v2\/users\/2"}],"replies":[{"embeddable":true,"href":"https:\/\/eyfon.at\/en\/wp-json\/wp\/v2\/comments?post=1031"}],"version-history":[{"count":8,"href":"https:\/\/eyfon.at\/en\/wp-json\/wp\/v2\/pages\/1031\/revisions"}],"predecessor-version":[{"id":1184,"href":"https:\/\/eyfon.at\/en\/wp-json\/wp\/v2\/pages\/1031\/revisions\/1184"}],"up":[{"embeddable":true,"href":"https:\/\/eyfon.at\/en\/wp-json\/wp\/v2\/pages\/836"}],"wp:attachment":[{"href":"https:\/\/eyfon.at\/en\/wp-json\/wp\/v2\/media?parent=1031"}],"curies":[{"name":"wp","href":"https:\/\/api.w.org\/{rel}","templated":true}]}}