{"id":452,"date":"2018-03-26T12:02:33","date_gmt":"2018-03-26T10:02:33","guid":{"rendered":"http:\/\/www.eyfon.at\/?page_id=452"},"modified":"2018-11-15T14:09:21","modified_gmt":"2018-11-15T13:09:21","slug":"impressum","status":"publish","type":"page","link":"https:\/\/eyfon.at\/en\/impressum\/","title":{"rendered":"legal notice"},"content":{"rendered":"<p><strong>EYFON<\/strong><br \/>\nEuropean Youth Forum Neumarkt<br \/>\nSchlo\u00dfleiten 6<br \/>\n8820 Neumarkt in der Steiermark<br \/>\nTelefon: +43 664 912 33 66<br \/>\nE-Mail: <a href=\"mailto:office@eyfon.at\">office@eyfon.at\u2028\u2028<\/a><br \/>\nZVR-Zahl: 1464201610<\/p>\n<p><strong>Grundlegende Richtung des Mediums (Blattlinie)<\/strong><br \/>\nwww.eyfon.at ist die Website des gemeinn\u00fctzigen Vereins \u201eEuropean Youth Forum Neumarkt\u201c und informiert \u00fcber die Ausrichtung und Aktivit\u00e4ten von EYFON. Ziel ist es, die Aktivit\u00e4ten im Rahmen des Vereinszweckes zu f\u00f6rdern.<\/p>\n<p><strong>Mitglieder der Gesch\u00e4ftsleitung<\/strong><br \/>\nDr. Christoph Leitl, Pr\u00e4sident von EYFON<br \/>\nProf. Franz Majcen, Vizepr\u00e4sident von EYFON<br \/>\nDr. Gerhard St\u00fcrmer, Vizepr\u00e4sident von EYFON<br \/>\nMag. Christian Buchmann, Gesch\u00e4ftsf\u00fchrer von EYFON<\/p>\n<p><strong>Vereinszweck<\/strong><br \/>\nDer Verein f\u00fchrt den Namen EUROP\u00c4ISCHES JUGENDFORUM NEUMARKT, kurz EYFON, Internationales Dialogzentrum f\u00fcr Frieden und Wachstum in Europa und hat seinen Sitz in Neumarkt in der Steiermark. Er ist parteipolitisch und konfessionell ungebunden und hat sich den Grundwerten der Europ\u00e4ischen Union verpflichtet. Das Wirken des Vereins erstreckt sich auf Europa mit einem besonderen Fokus auf Mittel- und Osteuropa.<\/p>\n<p>EYFON verfolgt ausschlie\u00dflich gemeinn\u00fctzige Zwecke. Jugendliche und junge Europ\u00e4er und Europ\u00e4erinnen sollen mit den europ\u00e4ischen Ideen vertraut gemacht werden, Europa im Dialog erleben, neue europ\u00e4ische Perspektiven entwickeln und austauschen sowie zum Engagement f\u00fcr Europa, vor allem auch in ihren nationalen Herkunftsl\u00e4ndern, motiviert werden.<\/p>\n<p><strong>Vereinsbeh\u00f6rde<\/strong><br \/>\nBezirkshauptmannschaft Murau<br \/>\n8850 Murau, Bahnhofviertel 7<br \/>\nAustria<\/p>\n<p><strong>Projektleitung, Konzeption &amp; Content<\/strong><br \/>\nPr\u00e4sident, Dr. Christoph Leitl<br \/>\nGesch\u00e4ftsf\u00fchrender Pr\u00e4sident und Gesch\u00e4ftsf\u00fchrer, Mag. Christian Buchmann<br \/>\nVizepr\u00e4sident und Kassier, Prof. Franz Majcen<br \/>\nVizepr\u00e4sident und Schriftf\u00fchrer, Dr. Gerhard St\u00fcrmer<br \/>\nRechnungspr\u00fcfer:<br \/>\nDr. Georg Spiegelfeld-Schneeburg<br \/>\nMag. Erich Putz, MBA<\/p>\n<p><strong>Urheberrecht und Copyrights<\/strong><br \/>\nCopyright by EYFON<br \/>\nFotos: Gemeinde Neumarkt, Wolfgang Pfister, Murtalerzeitung, EYFON, EFB, Europ\u00e4ische F\u00f6deralistische Bewegung, <a href=\"http:\/\/maxpixel.freegreatpicture.com\" target=\"_blank\" rel=\"noopener\">Max Pixel<\/a><\/p>\n<p>Alle Inhalte dienen der pers\u00f6nlichen Information. Eine Weiterverwendung und Reproduktion \u00fcber den pers\u00f6nlichen Gebrauch hinaus ist nicht gestattet. Bilder d\u00fcrfen nicht ohne vorherige ausdr\u00fcckliche schriftliche Genehmigung des jeweiligen Copyrightinhabers ver\u00f6ffentlicht oder weiterverbreitet werden, sei dies zu gewerblichen oder anderen Zwecken.\u2028\u2028Zus\u00e4tzlich bedeutet ein Link (Hyperlink) oder eine andere Verbindung von einer dieser Internetseiten zu einer fremden Internetseite nicht, dass der Inhalt dieser Seite gebilligt oder akzeptiert wird, noch, dass irgendeine Verantwortlichkeit f\u00fcr den Inhalt oder die Benutzung dieser Seiten getragen wird.<\/p>\n<p><strong>LEGAL NOTICE<\/strong><br \/>\nwww.eyfon.at is owned and operated by European Youth Forum Neumarkt.<\/p>\n<p><strong>EYFON<\/strong><br \/>\nEuropean Youth Forum Neumarkt<br \/>\nSchlo\u00dfleiten 6<br \/>\n8820 Neumarkt in der Steiermark<br \/>\nPhone: +43 664 912 33 66<br \/>\ne-Mail: <a href=\"mailto:office@eyfon.at\">office@eyfon.at\u2028<\/a><br \/>\nWebsite: www.eyfon.at<br \/>\nZVR-Number: 1464201610<\/p>\n<p>Public Authority:<br \/>\nBezirkshauptmannschaft Murau<br \/>\n8850 Murau, Bahnhofviertel 7<br \/>\nAustria<\/p>\n","protected":false},"excerpt":{"rendered":"<p>EYFON European Youth Forum Neumarkt Schlo\u00dfleiten 6 8820 Neumarkt in der Steiermark Telefon: +43 664 912 33 66 E-Mail: office@eyfon.at\u2028\u2028 ZVR-Zahl: 1464201610 Grundlegende Richtung des Mediums (Blattlinie) www.eyfon.at ist die Website des gemeinn\u00fctzigen Vereins \u201eEuropean Youth Forum Neumarkt\u201c und informiert&#8230;<\/p>\n","protected":false},"author":1,"featured_media":0,"parent":0,"menu_order":0,"comment_status":"closed","ping_status":"closed","template":"","meta":{"_EventAllDay":false,"_EventTimezone":"","_EventStartDate":"","_EventEndDate":"","_EventStartDateUTC":"","_EventEndDateUTC":"","_EventShowMap":false,"_EventShowMapLink":false,"_EventURL":"","_EventCost":"","_EventCostDescription":"","_EventCurrencySymbol":"","_EventCurrencyCode":"","_EventCurrencyPosition":"","_EventDateTimeSeparator":"","_EventTimeRangeSeparator":"","_EventOrganizerID":[],"_EventVenueID":[],"_OrganizerEmail":"","_OrganizerPhone":"","_OrganizerWebsite":"","_VenueAddress":"","_VenueCity":"","_VenueCountry":"","_VenueProvince":"","_VenueState":"","_VenueZip":"","_VenuePhone":"","_VenueURL":"","_VenueStateProvince":"","_VenueLat":"","_VenueLng":"","_VenueShowMap":false,"_VenueShowMapLink":false,"footnotes":""},"class_list":["post-452","page","type-page","status-publish","hentry"],"_links":{"self":[{"href":"https:\/\/eyfon.at\/en\/wp-json\/wp\/v2\/pages\/452","targetHints":{"allow":["GET"]}}],"collection":[{"href":"https:\/\/eyfon.at\/en\/wp-json\/wp\/v2\/pages"}],"about":[{"href":"https:\/\/eyfon.at\/en\/wp-json\/wp\/v2\/types\/page"}],"author":[{"embeddable":true,"href":"https:\/\/eyfon.at\/en\/wp-json\/wp\/v2\/users\/1"}],"replies":[{"embeddable":true,"href":"https:\/\/eyfon.at\/en\/wp-json\/wp\/v2\/comments?post=452"}],"version-history":[{"count":11,"href":"https:\/\/eyfon.at\/en\/wp-json\/wp\/v2\/pages\/452\/revisions"}],"predecessor-version":[{"id":1080,"href":"https:\/\/eyfon.at\/en\/wp-json\/wp\/v2\/pages\/452\/revisions\/1080"}],"wp:attachment":[{"href":"https:\/\/eyfon.at\/en\/wp-json\/wp\/v2\/media?parent=452"}],"curies":[{"name":"wp","href":"https:\/\/api.w.org\/{rel}","templated":true}]}}